{"id":7432,"date":"2024-04-29T10:35:57","date_gmt":"2024-04-29T20:35:57","guid":{"rendered":"https:\/\/foreveryoung.gov.pf\/offre-d-emploi\/directeur-directrice-de-la-formation-en-entreprise\/"},"modified":"2024-04-29T10:35:57","modified_gmt":"2024-04-29T20:35:57","slug":"directeur-directrice-de-la-formation-en-entreprise","status":"publish","type":"offre-d-emploi","link":"https:\/\/foreveryoung.gov.pf\/en\/offre-d-emploi\/directeur-directrice-de-la-formation-en-entreprise\/","title":{"rendered":"Directeur \/ Directrice de la formation en entreprise"},"content":{"rendered":"<div class=\"dpdj-offre-source-text\">Source : <a href=\"https:\/\/www.sefi.pf\/SefiWeb\/SefiOffres.nsf\/vOffresNouvelles?OpenView\">Service de l&#8217;Emploi<\/a><\/div>\n<div class=\"dpdj-offre-coderome\"><strong>Code ROME <\/strong>M150214267 <\/div>\n<div class=\"dpdj-offre-ile\"><strong>Ile <\/strong> TAHITI <\/div>\n<div class=\"dpdj-offre-def\"><strong>D\u00e9finition du poste  <\/strong> POSITIONNEMENT DANS L&#8217;ORGANISATION &amp; PROFIL ATTENDU:<br \/>\nSous l&#8217;autorit\u00e9 de la directrice g\u00e9n\u00e9rale des services, la directrice ou le directeur des \u00e9tudes et de la r\u00e9ussite, la directrice ou le directeur interagit avec de nombreux acteurs au sein de sa direction ainsi qu&#8217;avec le service d&#8217;urbanisation de la direction des syst\u00e8mes d&#8217;information, le responsable de la transformation num\u00e9rique en charge du projet p\u00e9gase, et bien entendu la vice-pr\u00e9sidente CFVU ainsi qu&#8217;avec les enseignants et enseignants chercheurs, les chefs de d\u00e9partements et<br \/>\nle directeur de l&#8217;INSPE.<\/p>\n<p>Le profil attendu :<br \/>\n\u00b7  b\u00e9n\u00e9ficie d&#8217;une exp\u00e9rience manag\u00e9riale av\u00e9r\u00e9e si possible au sein d&#8217;une direction regroupant plusieurs services.<br \/>\n\u00b7  poss\u00e8de une solide exp\u00e9rience en service de scolarit\u00e9 ou service soutien \u00e0 la Formation<br \/>\n\u00b7  maitrise la r\u00e9glementation en vigueur sur le domaine &#8220;Formation&#8221; et ESRI.<br \/>\n\u00b7  Conna\u00eet et id\u00e9alement ma\u00eetrise des outils de gestion du p\u00e9rim\u00e8tre<br \/>\n\u00b7  Est sensible aux enjeux de fiabilisation et de qualit\u00e9 des donn\u00e9es et leur exploitation dans le cadre du pilotage de<br \/>\nla direction <\/p><\/div>\n<div class=\"dpdj-offre-dateeffet\"><strong>Date d&#8217;effet <\/strong>29\/04\/2024 <\/div>\n<div class=\"dpdj-offre-typeposte\"><strong>Type de poste <\/strong>Remplacement <\/div>\n<div class=\"dpdj-offre-nbposte\"><strong>Nb de poste(s) \u00e0 pourvoir <\/strong> 1 <\/div>\n<div class=\"dpdj-offre-cond\"><strong>Conditions <\/strong>Missions :<br \/>\n\u00b7  d&#8217;assurer le pilotage et l&#8217;animation de la DIRDER : encadrement direct des 4 p\u00f4les de la direction et du<br \/>\ncharg\u00e9 d&#8217;affaires relations entreprise, ainsi que coordination fonctionnelle avec l&#8217;INSPE et le Service des<br \/>\nrelations Internationales<br \/>\n\u00b7  de veiller au conseil et soutien de la VP formation<br \/>\n\u00b7  veiller \u00e0 la s\u00e9curisation des proc\u00e9dures et au respect de la qualit\u00e9 des donn\u00e9es<br \/>\n\u00b7  de s&#8217;assurer du d\u00e9ploiement effectif de P\u00e9gase et sa g\u00e9n\u00e9ralisation pour juin 2025 en lien avec le chef de<br \/>\nprojet de l&#8217;UPF.<br \/>\n\u00b7  de soutenir et mettre en oeuvre les nouvelles offres de de formation en lien \u00e9troit avec la coordinatrice du<br \/>\nprojet N\u0101rua.<br \/>\nSAVOIRS GENERAUX &amp; COMP\u00c9TENCES OPERATIONNELLES :<br \/>\n\u00b7  Avoir une excellente connaissance op\u00e9rationnelle de la gestion d&#8217;une offre de formation \u00e0 l&#8217;universit\u00e9, de sa conception<br \/>\n\u00e0 sa mod\u00e9lisation dans un outil<br \/>\n\u00b7  \u00catre expert dans le pilotage de projet et la conduite du changement<br \/>\nMobiliser son leadership pour f\u00e9d\u00e9rer et animer une \u00e9quipe projet<br \/>\n\u00b7  Avoir une tr\u00e8s bonne perception de l&#8217;environnement de l&#8217;enseignement sup\u00e9rieur<br \/>\n\u00b7  Avoir la capacit\u00e9 de communiquer, de n\u00e9gocier et de convaincre des publics divers<br \/>\n\u00b7  Disposer d&#8217;une vision strat\u00e9gique et int\u00e9grer les orientations politiques<br \/>\n\u00b7  Avoir un esprit de synth\u00e8se<br \/>\n\u00b7  Savoir g\u00e9rer les risques et les al\u00e9as<br \/>\n\u00b7  \u00catre autonome, adaptable, flexible et pragmatique<br \/>\n\u00b7  \u00catre force de proposition<br \/>\n\u00b7  Travailler en \u00e9quipe de fa\u00e7on transversale et avec diff\u00e9rents interlocuteurs <\/div>\n<div class=\"dpdj-offre-rec\"><strong>Recrutement <\/strong>NON IMMEDIAT <\/div>\n<div class=\"dpdj-offre-link\"><a href=\"https:\/\/www.sefi.pf\/SefiWeb\/SefiOffres.nsf\/vOffreWeb\/83A4B7491E3E1BB70A258B0E00668ABA?OpenDocument\">Pour en savoir plus, cliquer ici pour lire les d\u00e9tails sur le site du Service de l&#8217;Emploi<\/a><\/div>\n","protected":false},"excerpt":{"rendered":"<p>Source : Service de l&#8217;Emploi Code ROME M150214267 Ile TAHITI D\u00e9finition du poste POSITIONNEMENT DANS L&#8217;ORGANISATION &amp; PROFIL ATTENDU: Sous l&#8217;autorit\u00e9 de la directrice g\u00e9n\u00e9rale des services, la directrice ou le directeur des \u00e9tudes et de la r\u00e9ussite, la directrice ou le directeur interagit avec de nombreux acteurs au sein de sa direction ainsi qu&#8217;avec [&hellip;]<\/p>\n","protected":false},"featured_media":0,"parent":0,"menu_order":0,"template":"","class_list":["post-7432","offre-d-emploi","type-offre-d-emploi","status-publish","hentry","has-post-title","has-post-date","has-post-category","has-post-tag","has-post-comment","has-post-author",""],"aioseo_notices":[],"ptb_metabox":[],"ptb_taxonomy":[],"ptb_featured_image":null,"builder_content":"","_links":{"self":[{"href":"https:\/\/foreveryoung.gov.pf\/en\/wp-json\/wp\/v2\/offre-d-emploi\/7432","targetHints":{"allow":["GET"]}}],"collection":[{"href":"https:\/\/foreveryoung.gov.pf\/en\/wp-json\/wp\/v2\/offre-d-emploi"}],"about":[{"href":"https:\/\/foreveryoung.gov.pf\/en\/wp-json\/wp\/v2\/types\/offre-d-emploi"}],"wp:attachment":[{"href":"https:\/\/foreveryoung.gov.pf\/en\/wp-json\/wp\/v2\/media?parent=7432"}],"curies":[{"name":"wp","href":"https:\/\/api.w.org\/{rel}","templated":true}]}}