{"id":6953,"date":"2023-11-23T12:30:15","date_gmt":"2023-11-23T22:30:15","guid":{"rendered":"https:\/\/foreveryoung.gov.pf\/offre-d-emploi\/educateur-technique-specialise-educatrice-technique-specialisee\/"},"modified":"2023-11-23T12:30:15","modified_gmt":"2023-11-23T22:30:15","slug":"educateur-technique-specialise-educatrice-technique-specialisee","status":"publish","type":"offre-d-emploi","link":"https:\/\/foreveryoung.gov.pf\/en\/offre-d-emploi\/educateur-technique-specialise-educatrice-technique-specialisee\/","title":{"rendered":"\u00c9ducateur technique sp\u00e9cialis\u00e9 \/ \u00c9ducatrice technique sp\u00e9cialis\u00e9e"},"content":{"rendered":"<div class=\"dpdj-offre-source-text\">Source : <a href=\"https:\/\/www.sefi.pf\/SefiWeb\/SefiOffres.nsf\/vOffresNouvelles?OpenView\">Service de l&#8217;Emploi<\/a><\/div>\n<div class=\"dpdj-offre-coderome\"><strong>Code ROME <\/strong>K120314603 <\/div>\n<div class=\"dpdj-offre-ile\"><strong>Ile <\/strong> TAHITI <\/div>\n<div class=\"dpdj-offre-def\"><strong>D\u00e9finition du poste  <\/strong> &#8211; L\u2019Educateur en charge de l\u2019insertion professionnelle accompagne dans une d\u00e9marche \u00e9ducative et sociale globale les usagers dans le d\u00e9veloppement de leurs capacit\u00e9s de socialisation, d\u2019autonomie et d\u2019int\u00e9gration professionnelle.<br \/>\n&#8211; Il\/elle participe \u00e0 l\u2019\u00e9laboration des orientations d\u2019insertion et d\u2019emploi, en faveur des usagers de l\u2019IIME. Il con\u00e7oit et organise des parcours d\u2019insertion avec des partenaires internes et externes par l\u2019optimisation des moyens techniques et humains. Il est responsable du lien permanent entre les entreprises et l\u2019IIME.<br \/>\n&#8211; Il\/elle conseille et accompagne les usagers et les entreprises sur les diff\u00e9rents dispositifs et mesures d\u2019aide qui leur sont offerts. Il favorise le d\u00e9veloppement et la mise en \u0153uvre de toute mesure propre \u00e0 diminuer l\u2019exclusion des usagers du march\u00e9 du travail en facilitant leur acc\u00e8s.\n <\/div>\n<div class=\"dpdj-offre-dateeffet\"><strong>Date d&#8217;effet <\/strong>23\/11\/2023 <\/div>\n<div class=\"dpdj-offre-typeposte\"><strong>Type de poste <\/strong>Remplacement <\/div>\n<div class=\"dpdj-offre-nbposte\"><strong>Nb de poste(s) \u00e0 pourvoir <\/strong> 1 <\/div>\n<div class=\"dpdj-offre-cond\"><strong>Conditions <\/strong>&#8211; Doit respecter une absolue confidentialit\u00e9<br \/>\n&#8211; Le personnel doit prendre ses cong\u00e9s lors des fermetures de l\u2019\u00e9tablissement pendant une partie des vacances scolaires<br \/>\n&#8211; Le respect du cadre institutionnel et du projet d\u2019\u00e9tablissement s\u2019impose<br \/>\n&#8211; Prise des cong\u00e9s pr\u00e9d\u00e9finie<br \/>\n&#8211; D\u00e9placements fr\u00e9quents aupr\u00e8s des entreprises<br \/>\n&#8211; V\u00e9hicule de service mis \u00e0 disposition<br \/>\n&#8211; Permis B obligatoire\n <\/div>\n<div class=\"dpdj-offre-rec\"><strong>Recrutement <\/strong>URGENT <\/div>\n<div class=\"dpdj-offre-link\"><a href=\"https:\/\/www.sefi.pf\/SefiWeb\/SefiOffres.nsf\/vOffreWeb\/B79948D34140458E0A258A6F0082F9F8?OpenDocument\">Pour en savoir plus, cliquer ici pour lire les d\u00e9tails sur le site du Service de l&#8217;Emploi<\/a><\/div>\n","protected":false},"excerpt":{"rendered":"<p>Source : Service de l&#8217;Emploi Code ROME K120314603 Ile TAHITI D\u00e9finition du poste &#8211; L\u2019Educateur en charge de l\u2019insertion professionnelle accompagne dans une d\u00e9marche \u00e9ducative et sociale globale les usagers dans le d\u00e9veloppement de leurs capacit\u00e9s de socialisation, d\u2019autonomie et d\u2019int\u00e9gration professionnelle. &#8211; Il\/elle participe \u00e0 l\u2019\u00e9laboration des orientations d\u2019insertion et d\u2019emploi, en faveur des [&hellip;]<\/p>\n","protected":false},"featured_media":0,"parent":0,"menu_order":0,"template":"","class_list":["post-6953","offre-d-emploi","type-offre-d-emploi","status-publish","hentry","has-post-title","has-post-date","has-post-category","has-post-tag","has-post-comment","has-post-author",""],"aioseo_notices":[],"ptb_metabox":[],"ptb_taxonomy":[],"ptb_featured_image":null,"builder_content":"","_links":{"self":[{"href":"https:\/\/foreveryoung.gov.pf\/en\/wp-json\/wp\/v2\/offre-d-emploi\/6953","targetHints":{"allow":["GET"]}}],"collection":[{"href":"https:\/\/foreveryoung.gov.pf\/en\/wp-json\/wp\/v2\/offre-d-emploi"}],"about":[{"href":"https:\/\/foreveryoung.gov.pf\/en\/wp-json\/wp\/v2\/types\/offre-d-emploi"}],"wp:attachment":[{"href":"https:\/\/foreveryoung.gov.pf\/en\/wp-json\/wp\/v2\/media?parent=6953"}],"curies":[{"name":"wp","href":"https:\/\/api.w.org\/{rel}","templated":true}]}}