{"id":6502,"date":"2023-09-14T15:18:32","date_gmt":"2023-09-15T01:18:32","guid":{"rendered":"https:\/\/foreveryoung.gov.pf\/offre-d-emploi\/juriste-international-internationale-dentreprise\/"},"modified":"2023-09-14T15:18:32","modified_gmt":"2023-09-15T01:18:32","slug":"juriste-international-internationale-dentreprise","status":"publish","type":"offre-d-emploi","link":"https:\/\/foreveryoung.gov.pf\/en\/offre-d-emploi\/juriste-international-internationale-dentreprise\/","title":{"rendered":"Juriste international \/ internationale d&#8217;entreprise"},"content":{"rendered":"<div class=\"dpdj-offre-source-text\">Source : <a href=\"https:\/\/www.sefi.pf\/SefiWeb\/SefiOffres.nsf\/vOffresNouvelles?OpenView\">Service de l&#8217;Emploi<\/a><\/div>\n<div class=\"dpdj-offre-coderome\"><strong>Code ROME <\/strong>K190316130 <\/div>\n<div class=\"dpdj-offre-ile\"><strong>Ile <\/strong> MOOREA <\/div>\n<div class=\"dpdj-offre-def\"><strong>D\u00e9finition du poste  <\/strong> Coral Gardeners recherche  un(e) Juriste pour accompagner l\u2019organisation et son \u00e9quipe dirigeante dans les probl\u00e9matiques juridiques et administratives courantes.<br \/>\n&#8211; Le juriste est responsable de la fiabilit\u00e9 de son travail, et contribue \u00e0 prot\u00e9ger l\u2019image de marque de l\u2019organisation, de sa mission et les int\u00e9r\u00eats de l\u2019organisation et de ses diff\u00e9rentes branches et entit\u00e9s juridique.<br \/>\n&#8211; Son r\u00f4le est de garantir la conformit\u00e9 des activit\u00e9s de l\u2019organisation au regard de la loi.<br \/>\nDans le cadre de ses missions, le\/la Juriste devra :<br \/>\n&#8211; Anticiper les risques juridiques inh\u00e9rents \u00e0 toutes les activit\u00e9s de la structure et conseiller l\u2019\u00e9quipe dirigeante en cons\u00e9quence;<br \/>\n&#8211; Relire et s\u00e9curiser les contrats qui r\u00e9gissent les relations avec les partenaires pr\u00e9sents et futures;<br \/>\n&#8211; S\u2019assurer de la conformit\u00e9 des activit\u00e9s men\u00e9es par tous les d\u00e9partements au regard de la r\u00e9glementation locale, nationale et internationale;<br \/>\n&#8211; Accompagner la structure dans sa d\u00e9marche d\u2019internationalisation;<br \/>\n&#8211; Assurer la protection du savoir faire et du patrimoine de l\u2019organisation (propri\u00e9t\u00e9 intellectuelle et industrielle) ;<br \/>\n&#8211; R\u00e9diger des \u00e9tudes et notes de synth\u00e8se cibl\u00e9es sur demande de la direction;<br \/>\n&#8211; R\u00e9diger les courriers et contrats n\u00e9cessaires \u00e0 l\u2019activit\u00e9 de l\u2019organisation et de ses diff\u00e9rentes branches et entit\u00e9s juridique;<br \/>\n&#8211; Suivre les dossiers de pr\u00e9contentieux et contentieux engag\u00e9s avec les avocats;<br \/>\n&#8211; Intervenir en soutien du g\u00e9rant dans les t\u00e2ches administratives quotidiennes : veiller \u00e0 l\u2019organisation et au bon d\u00e9roulement de l\u2019Assembl\u00e9e G\u00e9n\u00e9rale de l\u2019association, organisation de s\u00e9minaires. <\/div>\n<div class=\"dpdj-offre-dateeffet\"><strong>Date d&#8217;effet <\/strong>14\/09\/2023 <\/div>\n<div class=\"dpdj-offre-typeposte\"><strong>Type de poste <\/strong>Remplacement <\/div>\n<div class=\"dpdj-offre-nbposte\"><strong>Nb de poste(s) \u00e0 pourvoir <\/strong> 1 <\/div>\n<div class=\"dpdj-offre-cond\"><strong>Conditions <\/strong>&#8211; \u00catre titulaire d\u2019un BAC+5 minimum en Droit Priv\u00e9 G\u00e9n\u00e9ral: droit des contrats, propri\u00e9t\u00e9 intellectuelle, droit international priv\u00e9 ;<br \/>\n&#8211; Premi\u00e8re exp\u00e9rience r\u00e9ussie d\u2019au moins 3 ann\u00e9es dans le domaine juridique;<br \/>\n&#8211; Une bonne connaissance du milieu associatif serait un plus;<br \/>\n&#8211; Aisance orale et r\u00e9dactionnelle;<br \/>\n&#8211; Esprit de synth\u00e8se et d&#8217;analyse;<br \/>\n&#8211; Sens des priorit\u00e9s et bonne organisation;<br \/>\n&#8211; Esprit d\u2019\u00e9quipe;<br \/>\n&#8211; Rigueur, autonomie, organisation;<br \/>\n&#8211; Capacit\u00e9 \u00e0 travailler efficacement et \u00e0 suivre le rythme soutenu de l\u2019organisation.<br \/>\n&#8211; R\u00e9activit\u00e9, dynamisme, agilit\u00e9 et flexibilit\u00e9 ;<br \/>\n&#8211; Savoir faire preuve de p\u00e9dagogie, de diplomatie et d\u2019objectivit\u00e9 ;<br \/>\n&#8211; \u00catre passionn\u00e9(e) par l\u2019oc\u00e9an et les r\u00e9cifs coralliens.\n <\/div>\n<div class=\"dpdj-offre-rec\"><strong>Recrutement <\/strong>NON IMMEDIAT <\/div>\n<div class=\"dpdj-offre-link\"><a href=\"https:\/\/www.sefi.pf\/SefiWeb\/SefiOffres.nsf\/vOffreWeb\/E85197C32C0D42290A258A2A007779B0?OpenDocument\">Pour en savoir plus, cliquer ici pour lire les d\u00e9tails sur le site du Service de l&#8217;Emploi<\/a><\/div>\n","protected":false},"excerpt":{"rendered":"<p>Source : Service de l&#8217;Emploi Code ROME K190316130 Ile MOOREA D\u00e9finition du poste Coral Gardeners recherche un(e) Juriste pour accompagner l\u2019organisation et son \u00e9quipe dirigeante dans les probl\u00e9matiques juridiques et administratives courantes. &#8211; Le juriste est responsable de la fiabilit\u00e9 de son travail, et contribue \u00e0 prot\u00e9ger l\u2019image de marque de l\u2019organisation, de sa mission [&hellip;]<\/p>\n","protected":false},"featured_media":0,"parent":0,"menu_order":0,"template":"","class_list":["post-6502","offre-d-emploi","type-offre-d-emploi","status-publish","hentry","has-post-title","has-post-date","has-post-category","has-post-tag","has-post-comment","has-post-author",""],"aioseo_notices":[],"ptb_metabox":[],"ptb_taxonomy":[],"ptb_featured_image":null,"builder_content":"","_links":{"self":[{"href":"https:\/\/foreveryoung.gov.pf\/en\/wp-json\/wp\/v2\/offre-d-emploi\/6502","targetHints":{"allow":["GET"]}}],"collection":[{"href":"https:\/\/foreveryoung.gov.pf\/en\/wp-json\/wp\/v2\/offre-d-emploi"}],"about":[{"href":"https:\/\/foreveryoung.gov.pf\/en\/wp-json\/wp\/v2\/types\/offre-d-emploi"}],"wp:attachment":[{"href":"https:\/\/foreveryoung.gov.pf\/en\/wp-json\/wp\/v2\/media?parent=6502"}],"curies":[{"name":"wp","href":"https:\/\/api.w.org\/{rel}","templated":true}]}}