{"id":6243,"date":"2023-08-22T17:07:55","date_gmt":"2023-08-23T03:07:55","guid":{"rendered":"https:\/\/foreveryoung.gov.pf\/offre-d-emploi\/responsable-controle-qualite-en-industrie\/"},"modified":"2023-08-22T17:07:55","modified_gmt":"2023-08-23T03:07:55","slug":"responsable-controle-qualite-en-industrie","status":"publish","type":"offre-d-emploi","link":"https:\/\/foreveryoung.gov.pf\/en\/offre-d-emploi\/responsable-controle-qualite-en-industrie\/","title":{"rendered":"Responsable contr\u00f4le qualit\u00e9 en industrie"},"content":{"rendered":"<div class=\"dpdj-offre-source-text\">Source : <a href=\"https:\/\/www.sefi.pf\/SefiWeb\/SefiOffres.nsf\/vOffresNouvelles?OpenView\">Service de l&#8217;Emploi<\/a><\/div>\n<div class=\"dpdj-offre-coderome\"><strong>Code ROME <\/strong>H150218604 <\/div>\n<div class=\"dpdj-offre-ile\"><strong>Ile <\/strong> TAHITI <\/div>\n<div class=\"dpdj-offre-def\"><strong>D\u00e9finition du poste  <\/strong> En tant que Responsable contr\u00f4le qualit\u00e9, vos missions principales seront : <\/p>\n<p>&#8211; Gestion et mise \u00e0 jour documentaire de la norme ISO 22000<br \/>\n&#8211; Coordination et revue avec l\u2019\u00e9quipe pour la mise en place\/mise \u00e0 jour des process li\u00e9s \u00e0 l\u2019ISO 22000<br \/>\n&#8211; Membre de l\u2019\u00e9quipe HACCP*<br \/>\n&#8211; Animation de r\u00e9unions de concertation avec l\u2019\u00e9quipe HACCP* sur l\u2019ISO 22000<br \/>\n&#8211; Comptes rendus r\u00e9guliers aux sup\u00e9rieurs hi\u00e9rarchiques sur le travail effectu\u00e9 pour l\u2019ISO 22000<br \/>\n&#8211; Gestion et communication directe avec le bureau VERITAS\/les auditeurs pour l\u2019ISO 22000 pour la planification d\u2019audits<br \/>\n&#8211; Supervision du suivi qualit\u00e9 quotidien<br \/>\n&#8211; Veille au respect des r\u00e8gles et normes d\u2019hygi\u00e8ne et de s\u00e9curit\u00e9 de chacun des postes<br \/>\n&#8211; Aide \u00e0 l\u2019am\u00e9lioration du plan de nettoyage et de d\u00e9sinfection de l\u2019usine<br \/>\n&#8211; Travail en bonne collaboration avec l\u2019ensemble de ses coll\u00e8gues dans le respect<br \/>\n&#8211; Respecte les chartes d\u2019hygi\u00e8nes et de s\u00e9curit\u00e9 de l\u2019entreprise<\/p>\n<p>*Hazard Analysis Critical Control Point : pr\u00e9vention, \u00e9limination ou r\u00e9duction \u00e0 un niveau acceptable de tout danger biologique au regard de la s\u00e9curit\u00e9 des aliments. <\/p><\/div>\n<div class=\"dpdj-offre-dateeffet\"><strong>Date d&#8217;effet <\/strong>22\/08\/2023 <\/div>\n<div class=\"dpdj-offre-typeposte\"><strong>Type de poste <\/strong>Remplacement <\/div>\n<div class=\"dpdj-offre-nbposte\"><strong>Nb de poste(s) \u00e0 pourvoir <\/strong> 1 <\/div>\n<div class=\"dpdj-offre-cond\"><strong>Conditions <\/strong>PROFIL :<br \/>\n&#8211; Vous \u00eates titulaire, dans l&#8217;id\u00e9al d&#8217;un Bac +5 avec une sp\u00e9cialisation en agro-alimentaire\/contr\u00f4le qualit\u00e9 et vous justifiez d&#8217;une exp\u00e9rience r\u00e9ussie d\u2019au moins 3 ans sur une fonction similaire.<\/p>\n<p>Comp\u00e9tences :<br \/>\n&#8211; A l\u2019aise \u00e0 l\u2019\u00e9crit et \u00e0 l\u2019oral<\/p>\n<p>Savoir-\u00eatre :<br \/>\n&#8211; Qualit\u00e9s relationnelles et communication<br \/>\n&#8211; Rigoureux et organis\u00e9<br \/>\n&#8211; Sens de l\u2019anticipation et proactif<br \/>\n&#8211; Sensibilit\u00e9 \u00e0 la s\u00e9curit\u00e9 des personnes et des produits<br \/>\n&#8211; Autonome <\/p><\/div>\n<div class=\"dpdj-offre-rec\"><strong>Recrutement <\/strong>NON IMMEDIAT <\/div>\n<div class=\"dpdj-offre-link\"><a href=\"https:\/\/www.sefi.pf\/SefiWeb\/SefiOffres.nsf\/vOffreWeb\/CCE4210D439CE2D20A258A1400062F8D?OpenDocument\">Pour en savoir plus, cliquer ici pour lire les d\u00e9tails sur le site du Service de l&#8217;Emploi<\/a><\/div>\n","protected":false},"excerpt":{"rendered":"<p>Source : Service de l&#8217;Emploi Code ROME H150218604 Ile TAHITI D\u00e9finition du poste En tant que Responsable contr\u00f4le qualit\u00e9, vos missions principales seront : &#8211; Gestion et mise \u00e0 jour documentaire de la norme ISO 22000 &#8211; Coordination et revue avec l\u2019\u00e9quipe pour la mise en place\/mise \u00e0 jour des process li\u00e9s \u00e0 l\u2019ISO 22000 [&hellip;]<\/p>\n","protected":false},"featured_media":0,"parent":0,"menu_order":0,"template":"","class_list":["post-6243","offre-d-emploi","type-offre-d-emploi","status-publish","hentry","has-post-title","has-post-date","has-post-category","has-post-tag","has-post-comment","has-post-author",""],"aioseo_notices":[],"ptb_metabox":[],"ptb_taxonomy":[],"ptb_featured_image":null,"builder_content":"","_links":{"self":[{"href":"https:\/\/foreveryoung.gov.pf\/en\/wp-json\/wp\/v2\/offre-d-emploi\/6243","targetHints":{"allow":["GET"]}}],"collection":[{"href":"https:\/\/foreveryoung.gov.pf\/en\/wp-json\/wp\/v2\/offre-d-emploi"}],"about":[{"href":"https:\/\/foreveryoung.gov.pf\/en\/wp-json\/wp\/v2\/types\/offre-d-emploi"}],"wp:attachment":[{"href":"https:\/\/foreveryoung.gov.pf\/en\/wp-json\/wp\/v2\/media?parent=6243"}],"curies":[{"name":"wp","href":"https:\/\/api.w.org\/{rel}","templated":true}]}}