{"id":4549,"date":"2023-05-31T15:41:15","date_gmt":"2023-06-01T01:41:15","guid":{"rendered":"https:\/\/foreveryoung.gov.pf\/offre-d-emploi\/responsable-de-rayon-produits-frais\/"},"modified":"2023-05-31T15:41:15","modified_gmt":"2023-06-01T01:41:15","slug":"responsable-de-rayon-produits-frais","status":"publish","type":"offre-d-emploi","link":"https:\/\/foreveryoung.gov.pf\/en\/offre-d-emploi\/responsable-de-rayon-produits-frais\/","title":{"rendered":"Responsable de rayon produits frais"},"content":{"rendered":"<div class=\"dpdj-offre-source-text\">Source : <a href=\"https:\/\/www.sefi.pf\/SefiWeb\/SefiOffres.nsf\/vOffresNouvelles?OpenView\">Service de l&#8217;Emploi<\/a><\/div>\n<div class=\"dpdj-offre-coderome\"><strong>Code ROME <\/strong>D150218839 <\/div>\n<div class=\"dpdj-offre-ile\"><strong>Ile <\/strong> TAHITI <\/div>\n<div class=\"dpdj-offre-def\"><strong>D\u00e9finition du poste  <\/strong> Recherchons un RESPONSABLE DE RAYON  F\/H<br \/>\nSous la responsabilit\u00e9 du chef de d\u00e9partement, vous avez la charge de la mise en place des op\u00e9rations commerciales et du d\u00e9veloppement de la strat\u00e9gie commerciale du rayon. Vous \u00eates responsable du chiffre d&#8217;affaires du rayon et vous en assurer la rentabilit\u00e9.<br \/>\nA ce titre, les missions principales seront :<br \/>\nEncadrer et motiver vos \u00e9quipes,<br \/>\nAtteindre les objectifs et directives de vente,<br \/>\nOrganiser l&#8217;activit\u00e9 du rayon,<br \/>\nOrganiser des animations commerciales,<br \/>\nSuperviser la gestion des stocks,<br \/>\nGarantir le respect de la politique commerciale de l&#8217;enseigne,<br \/>\nSuivre, anticiper et optimiser la performance financi\u00e8re de votre zone. <\/div>\n<div class=\"dpdj-offre-dateeffet\"><strong>Date d&#8217;effet <\/strong>31\/05\/2023 <\/div>\n<div class=\"dpdj-offre-typeposte\"><strong>Type de poste <\/strong>Remplacement <\/div>\n<div class=\"dpdj-offre-nbposte\"><strong>Nb de poste(s) \u00e0 pourvoir <\/strong> 1 <\/div>\n<div class=\"dpdj-offre-cond\"><strong>Conditions <\/strong>FORMATIONS &amp; COMPETENCES \/<br \/>\nVous \u00eates titulaire d&#8217;un Bac +2 (BTS, DUT\u2026) avec, id\u00e9alement, une sp\u00e9cialisation en Commerce.<br \/>\nVous justifiez d&#8217;une exp\u00e9rience r\u00e9ussie sur une fonction similaire d&#8217;au moins 3 ans.<br \/>\nComp\u00e9tences :<br \/>\nGestion de stock,<br \/>\nMa\u00eetrise de l&#8217;outil informatique (METI, Horoquartz) et bureautique (Excel, Word\u2026),<br \/>\nLa connaissance de la r\u00e8glementation locale est un vrai plus pour ce poste.<br \/>\nSavoir-\u00eatre :<br \/>\nSens du leadership et culture du r\u00e9sultat,<br \/>\nRigoureux(se), organis\u00e9(e) et m\u00e9thodique,<br \/>\nCapacit\u00e9 d&#8217;adaptation face au changement,<br \/>\nSens du service client. <\/div>\n<div class=\"dpdj-offre-rec\"><strong>Recrutement <\/strong>IMMEDIAT <\/div>\n<div class=\"dpdj-offre-link\"><a href=\"https:\/\/www.sefi.pf\/SefiWeb\/SefiOffres.nsf\/vOffreWeb\/3CCE9900153327EE0A2589C10003073C?OpenDocument\">Pour en savoir plus, cliquer ici pour lire les d\u00e9tails sur le site du Service de l&#8217;Emploi<\/a><\/div>\n","protected":false},"excerpt":{"rendered":"<p>Source : Service de l&#8217;Emploi Code ROME D150218839 Ile TAHITI D\u00e9finition du poste Recherchons un RESPONSABLE DE RAYON F\/H Sous la responsabilit\u00e9 du chef de d\u00e9partement, vous avez la charge de la mise en place des op\u00e9rations commerciales et du d\u00e9veloppement de la strat\u00e9gie commerciale du rayon. Vous \u00eates responsable du chiffre d&#8217;affaires du rayon [&hellip;]<\/p>\n","protected":false},"featured_media":0,"parent":0,"menu_order":0,"template":"","class_list":["post-4549","offre-d-emploi","type-offre-d-emploi","status-publish","hentry","has-post-title","has-post-date","has-post-category","has-post-tag","has-post-comment","has-post-author",""],"aioseo_notices":[],"ptb_metabox":[],"ptb_taxonomy":[],"ptb_featured_image":null,"builder_content":"","_links":{"self":[{"href":"https:\/\/foreveryoung.gov.pf\/en\/wp-json\/wp\/v2\/offre-d-emploi\/4549","targetHints":{"allow":["GET"]}}],"collection":[{"href":"https:\/\/foreveryoung.gov.pf\/en\/wp-json\/wp\/v2\/offre-d-emploi"}],"about":[{"href":"https:\/\/foreveryoung.gov.pf\/en\/wp-json\/wp\/v2\/types\/offre-d-emploi"}],"wp:attachment":[{"href":"https:\/\/foreveryoung.gov.pf\/en\/wp-json\/wp\/v2\/media?parent=4549"}],"curies":[{"name":"wp","href":"https:\/\/api.w.org\/{rel}","templated":true}]}}