{"id":3802,"date":"2023-03-27T19:51:41","date_gmt":"2023-03-28T05:51:41","guid":{"rendered":"https:\/\/foreveryoung.gov.pf\/offre-d-emploi\/formateur-formatrice-de-la-formation-continue\/"},"modified":"2023-03-27T19:51:41","modified_gmt":"2023-03-28T05:51:41","slug":"formateur-formatrice-de-la-formation-continue","status":"publish","type":"offre-d-emploi","link":"https:\/\/foreveryoung.gov.pf\/en\/offre-d-emploi\/formateur-formatrice-de-la-formation-continue\/","title":{"rendered":"Formateur \/ Formatrice de la formation continue"},"content":{"rendered":"<div class=\"dpdj-offre-source-text\">Source : <a href=\"https:\/\/www.sefi.pf\/SefiWeb\/SefiOffres.nsf\/vOffresNouvelles?OpenView\">Service de l&#8217;Emploi<\/a><\/div>\n<div class=\"dpdj-offre-coderome\"><strong>Code ROME <\/strong>K211115137 <\/div>\n<div class=\"dpdj-offre-ile\"><strong>Ile <\/strong> MOOREA <\/div>\n<div class=\"dpdj-offre-def\"><strong>D\u00e9finition du poste  <\/strong> Descriptif synth\u00e9tique : Formateur professionnel sp\u00e9cialis\u00e9 en agriculture biologique et mara\u00eechage. Contribuer au d\u00e9veloppement et \u00e0 l\u2019appui de la fili\u00e8re \u00ab agriculture biologique \u00bb, par la :<br \/>\n-construction de formations adapt\u00e9es aux besoins et contextes locaux,<br \/>\n-r\u00e9alisation de formations aupr\u00e8s des producteurs et porteurs de projet,<br \/>\n-participation \u00e0 l\u2019animation rurale.<br \/>\nActivit\u00e9s principales :<br \/>\n1. Formation des stagiaires<br \/>\n-Construction de s\u00e9quences et de supports de formation<br \/>\n-Activit\u00e9s p\u00e9dagogiques de face-\u00e0-face pr\u00e9sentiel formateur-stagiaire (cours, TD, TP, sortie terrain\u2026)<br \/>\n-Conduite d\u2019actions de formation et de d\u00e9monstration sur le terrain (parcelle agricole)<br \/>\n-\u00c9valuation des stagiaires en cours de formation<br \/>\n-Accompagnement-conseil individuel et collectif des stagiaires en cours de formation<br \/>\n2. Coordination de formation<br \/>\n-Ing\u00e9nierie p\u00e9dagogique pr\u00e9alable \u00e0 la mise en place de formation<br \/>\n-Coordination p\u00e9dagogique de la formation<br \/>\n-Accueil, orientation, positionnement et recrutement des stagiaires<br \/>\n-Bilan de la formation (p\u00e9dagogique, financier, qualitatif, quantitatif)<br \/>\n3. Ing\u00e9nierie de d\u00e9veloppement<br \/>\n-Veille et prospection (maintien \u00e0 niveau des connaissances, r\u00e9seaux professionnels, besoins en formation, plateaux techniques\u2026)<br \/>\n-\u00c9laboration d\u2019une r\u00e9ponse \u00e0 un besoin (r\u00e9ponse-formation adapt\u00e9e, appel \u00e0 projet, production de supports et livrables sur commandes exceptionnelles\u2026)<br \/>\n-Contribution \u00e0 la banque de ressources internes au CFPPA et partage des documents<br \/>\n-Communication (promotion des activit\u00e9s du CFPPA et de l\u2019EPEFPA)<br \/>\nActivit\u00e9s annexes :<br \/>\n4. Accompagnement de l\u2019instructeur de formation professionnelle du CFPPA<br \/>\n-Appui technique et p\u00e9dagogique dans la conception et la r\u00e9alisation des activit\u00e9s p\u00e9dagogiques de face-\u00e0-face. Renforcement technique sur les formations en agriculture biologique et mara\u00eechage<br \/>\n5.Participation aux activit\u00e9s li\u00e9es au fonctionnement du CFPPA et EPEFPA<br \/>\n6.Participer \u00e0 l\u2019animation rurale : r\u00e9unions, groupes de travail ou AG d&#8217;associations agricoles. <\/div>\n<div class=\"dpdj-offre-dateeffet\"><strong>Date d&#8217;effet <\/strong>27\/03\/2023 <\/div>\n<div class=\"dpdj-offre-typeposte\"><strong>Type de poste <\/strong>Remplacement <\/div>\n<div class=\"dpdj-offre-nbposte\"><strong>Nb de poste(s) \u00e0 pourvoir <\/strong> 1 <\/div>\n<div class=\"dpdj-offre-cond\"><strong>Conditions <\/strong>Moyens sp\u00e9cifiques li\u00e9s au poste : Poste de travail au sein du CFPPA avec bureau, ordinateur, imprimante, acc\u00e8s internet, v\u00e9hicule de service si n\u00e9cessaire.<br \/>\nContraintes et avantages du poste : Missions fr\u00e9quentes avec d\u00e9placements dans les \u00eeles, d\u00e9part et\/ou retour dans certaines \u00eeles en dehors des heures ouvr\u00e9es et le week-end, possibilit\u00e9 de missions ext\u00e9rieures \u00e0 la Polyn\u00e9sie fran\u00e7aise, possibilit\u00e9 de r\u00e9unions \u00e0 tenir en dehors des heures ouvr\u00e9es, participation \u00e0 des \u00e9v\u00e8nements promotionnels en dehors des heures ouvr\u00e9es et le week-end. <\/div>\n<div class=\"dpdj-offre-rec\"><strong>Recrutement <\/strong>NON IMMEDIAT <\/div>\n<div class=\"dpdj-offre-link\"><a href=\"https:\/\/www.sefi.pf\/SefiWeb\/SefiOffres.nsf\/vOffreWeb\/7B4212177000089E0A25898000071877?OpenDocument\">Pour en savoir plus, cliquer ici pour lire les d\u00e9tails sur le site du Service de l&#8217;Emploi<\/a><\/div>\n","protected":false},"excerpt":{"rendered":"<p>Source : Service de l&#8217;Emploi Code ROME K211115137 Ile MOOREA D\u00e9finition du poste Descriptif synth\u00e9tique : Formateur professionnel sp\u00e9cialis\u00e9 en agriculture biologique et mara\u00eechage. Contribuer au d\u00e9veloppement et \u00e0 l\u2019appui de la fili\u00e8re \u00ab agriculture biologique \u00bb, par la : -construction de formations adapt\u00e9es aux besoins et contextes locaux, -r\u00e9alisation de formations aupr\u00e8s des producteurs [&hellip;]<\/p>\n","protected":false},"featured_media":0,"parent":0,"menu_order":0,"template":"","class_list":["post-3802","offre-d-emploi","type-offre-d-emploi","status-publish","hentry","has-post-title","has-post-date","has-post-category","has-post-tag","has-post-comment","has-post-author",""],"aioseo_notices":[],"ptb_metabox":[],"ptb_taxonomy":[],"ptb_featured_image":null,"builder_content":"","_links":{"self":[{"href":"https:\/\/foreveryoung.gov.pf\/en\/wp-json\/wp\/v2\/offre-d-emploi\/3802","targetHints":{"allow":["GET"]}}],"collection":[{"href":"https:\/\/foreveryoung.gov.pf\/en\/wp-json\/wp\/v2\/offre-d-emploi"}],"about":[{"href":"https:\/\/foreveryoung.gov.pf\/en\/wp-json\/wp\/v2\/types\/offre-d-emploi"}],"wp:attachment":[{"href":"https:\/\/foreveryoung.gov.pf\/en\/wp-json\/wp\/v2\/media?parent=3802"}],"curies":[{"name":"wp","href":"https:\/\/api.w.org\/{rel}","templated":true}]}}