{"id":3764,"date":"2023-03-21T19:27:59","date_gmt":"2023-03-22T05:27:59","guid":{"rendered":"https:\/\/foreveryoung.gov.pf\/offre-d-emploi\/animateur-coordonnateur-animatrice-coordonnatrice-dactivites-du-troisieme-age\/"},"modified":"2023-03-21T19:27:59","modified_gmt":"2023-03-22T05:27:59","slug":"animateur-coordonnateur-animatrice-coordonnatrice-dactivites-du-troisieme-age","status":"publish","type":"offre-d-emploi","link":"https:\/\/foreveryoung.gov.pf\/en\/offre-d-emploi\/animateur-coordonnateur-animatrice-coordonnatrice-dactivites-du-troisieme-age\/","title":{"rendered":"Animateur coordonnateur \/ Animatrice coordonnatrice d&#8217;activit\u00e9s du troisi\u00e8me \u00e2ge"},"content":{"rendered":"<div class=\"dpdj-offre-source-text\">Source : <a href=\"https:\/\/www.sefi.pf\/SefiWeb\/SefiOffres.nsf\/vOffresNouvelles?OpenView\">Service de l&#8217;Emploi<\/a><\/div>\n<div class=\"dpdj-offre-coderome\"><strong>Code ROME <\/strong>K120610977 <\/div>\n<div class=\"dpdj-offre-ile\"><strong>Ile <\/strong> TAHITI <\/div>\n<div class=\"dpdj-offre-def\"><strong>D\u00e9finition du poste  <\/strong> La d\u00e9l\u00e9gation recherche un ANIMATEUR COORDINATEUR F\/H de son Espace S\u00e9niors \u00ab Fare Puarama \u00bb. C&#8217;est un lieu d&#8217;accueil, d&#8217;\u00e9coute et de d\u00e9tente destin\u00e9 aux personnes \u00e2g\u00e9es de 60 ans et plus, autonomes (ne n\u00e9cessitant pas de prise en charge m\u00e9dicalis\u00e9e) et en situation d&#8217;isolement social. En fonction des besoins et des envies des personnes \u00e2g\u00e9es, des animations et des sorties ext\u00e9rieures leurs sont propos\u00e9es. Pour favoriser l&#8217;int\u00e9grit\u00e9 et l&#8217;estime de soi, une participation financi\u00e8re est demand\u00e9e aux b\u00e9n\u00e9ficiaires. Il est \u00e9galement possible que la participation soit prise en charge par un proche ou sous forme de parrainage. Notre v\u00e9hicule 9 places permet aux b\u00e9n\u00e9ficiaires n&#8217;ayant pas de moyen de transport de se rendre \u00e0 l&#8217;Espace S\u00e9niors.<br \/>\n&#8211; Gestion de l&#8217;activit\u00e9<br \/>\n-Organiser et suivre l&#8217;activit\u00e9 (planification, proc\u00e9dures, tableaux de suivi, rapport d&#8217;activit\u00e9, \u00e9valuation, axes d&#8217;\u00e9volution\u2026) en lien avec les partenaires institutionnels et associatifs,<br \/>\n-Rechercher des b\u00e9n\u00e9ficiaires,<br \/>\n-Encadrer et impliquer l&#8217;\u00e9quipe de b\u00e9n\u00e9voles,<br \/>\n-Garantir la bonne gestion du budget,<br \/>\n-Contribuer \u00e0 assurer la communication de l&#8217;activit\u00e9.<br \/>\n&#8211; Animation d&#8217;activit\u00e9s :<br \/>\n-Organiser et mettre en place des activit\u00e9s socio-culturelles et de d\u00e9tente vari\u00e9es (dont des sorties ext\u00e9rieures),<br \/>\n-Accompagner\/conseiller\/former les b\u00e9n\u00e9voles lors de la r\u00e9alisation des activit\u00e9s,<br \/>\n-R\u00e9cup\u00e9rer et ramener avec notre v\u00e9hicule les personnes \u00e2g\u00e9es n&#8217;ayant pas de moyens de transport. <\/div>\n<div class=\"dpdj-offre-dateeffet\"><strong>Date d&#8217;effet <\/strong>21\/03\/2023 <\/div>\n<div class=\"dpdj-offre-typeposte\"><strong>Type de poste <\/strong>Remplacement <\/div>\n<div class=\"dpdj-offre-nbposte\"><strong>Nb de poste(s) \u00e0 pourvoir <\/strong> 1 <\/div>\n<div class=\"dpdj-offre-cond\"><strong>Conditions <\/strong>FORMATIONS &amp; COMPETENCES :<br \/>\nDEES souhait\u00e9<br \/>\nExp\u00e9rience souhait\u00e9e plus de 2 ans <\/div>\n<div class=\"dpdj-offre-rec\"><strong>Recrutement <\/strong>NON IMMEDIAT <\/div>\n<div class=\"dpdj-offre-link\"><a href=\"https:\/\/www.sefi.pf\/SefiWeb\/SefiOffres.nsf\/vOffreWeb\/05A3B5170832900B0A25897900715A68?OpenDocument\">Pour en savoir plus, cliquer ici pour lire les d\u00e9tails sur le site du Service de l&#8217;Emploi<\/a><\/div>\n","protected":false},"excerpt":{"rendered":"<p>Source : Service de l&#8217;Emploi Code ROME K120610977 Ile TAHITI D\u00e9finition du poste La d\u00e9l\u00e9gation recherche un ANIMATEUR COORDINATEUR F\/H de son Espace S\u00e9niors \u00ab Fare Puarama \u00bb. C&#8217;est un lieu d&#8217;accueil, d&#8217;\u00e9coute et de d\u00e9tente destin\u00e9 aux personnes \u00e2g\u00e9es de 60 ans et plus, autonomes (ne n\u00e9cessitant pas de prise en charge m\u00e9dicalis\u00e9e) et [&hellip;]<\/p>\n","protected":false},"featured_media":0,"parent":0,"menu_order":0,"template":"","class_list":["post-3764","offre-d-emploi","type-offre-d-emploi","status-publish","hentry","has-post-title","has-post-date","has-post-category","has-post-tag","has-post-comment","has-post-author",""],"aioseo_notices":[],"ptb_metabox":[],"ptb_taxonomy":[],"ptb_featured_image":null,"builder_content":"","_links":{"self":[{"href":"https:\/\/foreveryoung.gov.pf\/en\/wp-json\/wp\/v2\/offre-d-emploi\/3764","targetHints":{"allow":["GET"]}}],"collection":[{"href":"https:\/\/foreveryoung.gov.pf\/en\/wp-json\/wp\/v2\/offre-d-emploi"}],"about":[{"href":"https:\/\/foreveryoung.gov.pf\/en\/wp-json\/wp\/v2\/types\/offre-d-emploi"}],"wp:attachment":[{"href":"https:\/\/foreveryoung.gov.pf\/en\/wp-json\/wp\/v2\/media?parent=3764"}],"curies":[{"name":"wp","href":"https:\/\/api.w.org\/{rel}","templated":true}]}}