{"id":2957,"date":"2023-02-20T17:20:09","date_gmt":"2023-02-21T03:20:09","guid":{"rendered":"https:\/\/foreveryoung.gov.pf\/offre-d-emploi\/charge-chargee-dorganisation-logistique\/"},"modified":"2023-02-20T17:20:09","modified_gmt":"2023-02-21T03:20:09","slug":"charge-chargee-dorganisation-logistique","status":"publish","type":"offre-d-emploi","link":"https:\/\/foreveryoung.gov.pf\/en\/offre-d-emploi\/charge-chargee-dorganisation-logistique\/","title":{"rendered":"Charg\u00e9 \/ Charg\u00e9e d&#8217;organisation logistique"},"content":{"rendered":"<div class=\"dpdj-offre-source-text\">Source : <a href=\"https:\/\/www.sefi.pf\/SefiWeb\/SefiOffres.nsf\/vOffresNouvelles?OpenView\">Service de l&#8217;Emploi<\/a><\/div>\n<div class=\"dpdj-offre-coderome\"><strong>Code ROME <\/strong>N130111937 <\/div>\n<div class=\"dpdj-offre-ile\"><strong>Ile <\/strong> TAHITI <\/div>\n<div class=\"dpdj-offre-def\"><strong>D\u00e9finition du poste  <\/strong> A\u00e9roport de Tahiti (ADT) recrute un Charg\u00e9 de missions Gestion Op\u00e9rationnelle de l\u2019unit\u00e9 Salons H\/F en CDD \u00e0 temps plein, pour une dur\u00e9e de 6 mois.<br \/>\nMISSIONS :<br \/>\nSous l\u2019autorit\u00e9 du Responsable des Op\u00e9rations passagers, vous serez bas\u00e9 \u00e0 l&#8217;a\u00e9roport de Tahiti-Faa&#8217;a et serez principalement amen\u00e9 \u00e0 :<\/p>\n<p>\u2022 Planifier, optimiser l\u2019activit\u00e9 Salons : proposition et validation des plannings, suivi des cong\u00e9s, des heures suppl\u00e9mentaires ou compl\u00e9mentaires,<br \/>\n\u2022 Encadrer, orienter et animer l\u2019\u00e9quipe Salons,<br \/>\n\u2022 Analyser et ma\u00eetriser les param\u00e8tres financiers de l\u2019activit\u00e9 : contr\u00f4ler les recettes, garantir la coh\u00e9rence des \u00e9l\u00e9ments de facturation clients et suivre et garantir le respect du budget Salons (contr\u00f4le des consommations et des achats),<br \/>\n\u2022 Pr\u00e9coniser les actions de formations ou de maintien de comp\u00e9tences des agents,<br \/>\n\u2022 Superviser et contr\u00f4ler la r\u00e9alisation des op\u00e9rations et des prestations Salons,<br \/>\n\u2022 Organiser et coordonner les mesures adaptatives en temps r\u00e9el face aux al\u00e9as de la programmation des vols,<br \/>\n\u2022 Analyser les dysfonctionnements op\u00e9rationnels et mat\u00e9riels et proposer des actions d\u2019am\u00e9liorations op\u00e9rationnelles,<br \/>\n\u2022 Traiter les demandes clients, y compris les r\u00e9clamations,<br \/>\n\u2022 Mettre en place et actualiser les outils de suivi de l\u2019activit\u00e9 : rapports d\u2019activit\u00e9, indicateurs de performance, etc,<br \/>\n\u2022 Contribuer aux projets de d\u00e9veloppement des produits Salons : r\u00e9vision tarifaire, repositionnement des produits, d\u00e9veloppement Salon Moeava, consultation presta musicale, am\u00e9lioration de la prestation alimentaire Salon ATN,<br \/>\n\u2022 Traiter et garantir l\u2019actualisation de la documentation op\u00e9rationnelle,<br \/>\n\u2022 Proposer et r\u00e9aliser les op\u00e9rations d\u2019\u00e9valuation de la satisfaction des clients des produits Salons,<br \/>\n\u2022 Contribuer \u00e0 l\u2019audit organisationnel Op\u00e9rations Passagers,<br \/>\n\u2022 Contribuer \u00e0 l\u2019optimisation du process d\u2019approvisionnement du Salon ATN en lien avec le Service Achats et participer aux mises en \u0153uvre.<\/p>\n<p>Vous \u00eates disponible du lundi au vendredi, horaires administratifs. <\/p><\/div>\n<div class=\"dpdj-offre-dateeffet\"><strong>Date d&#8217;effet <\/strong>20\/02\/2023 <\/div>\n<div class=\"dpdj-offre-typeposte\"><strong>Type de poste <\/strong>Cr\u00e9ation <\/div>\n<div class=\"dpdj-offre-nbposte\"><strong>Nb de poste(s) \u00e0 pourvoir <\/strong> 1 <\/div>\n<div class=\"dpdj-offre-cond\"><strong>Conditions <\/strong>PROFIL :<br \/>\nVous disposez :<br \/>\n\u2022 D\u2019un niveau BAC+2\/3 en h\u00f4tellerie\/tourisme ou \u00e9quivalent,<br \/>\n\u2022 D\u2019une exp\u00e9rience de 3 ans sur un emploi similaire. <\/p>\n<p>Vous poss\u00e9dez :<br \/>\n\u2022 Une bonne aptitude au management de proximit\u00e9,<br \/>\n\u2022 Des connaissances en h\u00f4tellerie et tourisme,<br \/>\n\u2022 Une ma\u00eetrise des techniques commerciales,<br \/>\n\u2022 Une pratique de la suite office (Word, Excel, Outlook),<br \/>\n\u2022 Une bonne ma\u00eetrise de l\u2019anglais.<\/p>\n<p>Vos qualit\u00e9s : <\/p>\n<p>\u2022 Rigueur, organisation, disponibilit\u00e9, autonomie, dynamisme<br \/>\n\u2022 Sens de l\u2019animation, de la communication et qualit\u00e9 d\u2019\u00e9coute ; sens du travail en \u00e9quipe<\/p>\n<p>Comment candidater ?<br \/>\nEn adressant votre dossier de candidature comprenant :<br \/>\n\u2022 Un CV,<br \/>\n\u2022 Une lettre de motivation,<br \/>\n\u2022 Votre permis de conduire.<br \/>\nPar mail : recrutement@tahiti-aeroport.pf<br \/>\nDate limite de d\u00e9p\u00f4t de candidature : 6 mars 2023 <\/p><\/div>\n<div class=\"dpdj-offre-rec\"><strong>Recrutement <\/strong>IMMEDIAT <\/div>\n<div class=\"dpdj-offre-link\"><a href=\"https:\/\/www.sefi.pf\/SefiWeb\/SefiOffres.nsf\/vOffreWeb\/990F78C2F815E93B0A25895C007DC040?OpenDocument\">Pour en savoir plus, cliquer ici pour lire les d\u00e9tails sur le site du Service de l&#8217;Emploi<\/a><\/div>\n","protected":false},"excerpt":{"rendered":"<p>Source : Service de l&#8217;Emploi Code ROME N130111937 Ile TAHITI D\u00e9finition du poste A\u00e9roport de Tahiti (ADT) recrute un Charg\u00e9 de missions Gestion Op\u00e9rationnelle de l\u2019unit\u00e9 Salons H\/F en CDD \u00e0 temps plein, pour une dur\u00e9e de 6 mois. MISSIONS : Sous l\u2019autorit\u00e9 du Responsable des Op\u00e9rations passagers, vous serez bas\u00e9 \u00e0 l&#8217;a\u00e9roport de Tahiti-Faa&#8217;a [&hellip;]<\/p>\n","protected":false},"featured_media":0,"parent":0,"menu_order":0,"template":"","class_list":["post-2957","offre-d-emploi","type-offre-d-emploi","status-publish","hentry","has-post-title","has-post-date","has-post-category","has-post-tag","has-post-comment","has-post-author",""],"aioseo_notices":[],"ptb_metabox":[],"ptb_taxonomy":[],"ptb_featured_image":null,"builder_content":"","_links":{"self":[{"href":"https:\/\/foreveryoung.gov.pf\/en\/wp-json\/wp\/v2\/offre-d-emploi\/2957","targetHints":{"allow":["GET"]}}],"collection":[{"href":"https:\/\/foreveryoung.gov.pf\/en\/wp-json\/wp\/v2\/offre-d-emploi"}],"about":[{"href":"https:\/\/foreveryoung.gov.pf\/en\/wp-json\/wp\/v2\/types\/offre-d-emploi"}],"wp:attachment":[{"href":"https:\/\/foreveryoung.gov.pf\/en\/wp-json\/wp\/v2\/media?parent=2957"}],"curies":[{"name":"wp","href":"https:\/\/api.w.org\/{rel}","templated":true}]}}