{"id":2899,"date":"2023-02-17T01:17:29","date_gmt":"2023-02-17T11:17:29","guid":{"rendered":"https:\/\/foreveryoung.gov.pf\/offre-d-emploi\/charge-chargee-de-communication-interne\/"},"modified":"2023-02-17T01:17:29","modified_gmt":"2023-02-17T11:17:29","slug":"charge-chargee-de-communication-interne","status":"publish","type":"offre-d-emploi","link":"https:\/\/foreveryoung.gov.pf\/en\/offre-d-emploi\/charge-chargee-de-communication-interne\/","title":{"rendered":"Charg\u00e9 \/ Charg\u00e9e de communication interne"},"content":{"rendered":"<div class=\"dpdj-offre-source-text\">Source : <a href=\"https:\/\/www.sefi.pf\/SefiWeb\/SefiOffres.nsf\/vOffresNouvelles?OpenView\">Service de l&#8217;Emploi<\/a><\/div>\n<div class=\"dpdj-offre-coderome\"><strong>Code ROME <\/strong>E110311782 <\/div>\n<div class=\"dpdj-offre-ile\"><strong>Ile <\/strong> TAHITI <\/div>\n<div class=\"dpdj-offre-def\"><strong>D\u00e9finition du poste  <\/strong> L&#8217;UPF recrute son\/sa CHARG\u00c9(E) DE COMMUNICATION \u00e0 partir du 14\/08\/2023.<br \/>\nLe service communication, compos\u00e9e de 2 personnes, dont le responsable, est directement rattach\u00e9 au Pr\u00e9sident de l\u2019universit\u00e9, et en lien fonctionnel avec l\u2019\u00e9quipe de la direction g\u00e9n\u00e9rale des services.<br \/>\nEn charge de la communication institutionnelle interne et externe, il contribue \u00e9galement \u00e0 la conception de la strat\u00e9gie de communication, notamment digitale, de l\u2019\u00e9tablissement.<br \/>\nLa cellule est en support \u00e0 l\u2019ensemble des services et composantes de l\u2019\u00e9tablissement, et g\u00e8re de fa\u00e7on transversale, avec l\u2019appui si n\u00e9cessaire de prestataires ou renforts, les projets de communication de toute nature : presse, digital, appui \u00e0 l\u2019\u00e9v\u00e8nementiel, r\u00e9seaux sociaux, brochures et publications lors des colloques\u2026<br \/>\nL\u2019UPF \u00e9tant engag\u00e9e dans des projets de transformation en lien avec les enjeux du territoire, un accent particulier sera attendu sur l\u2019accompagnement en \u2018communication\u2019 de ce projet d\u2019ampleur, N\u0101rua, notamment pour d\u00e9velopper une communication tri-lingue institutionnelle, en fran\u00e7ais, tahitien, anglais.<\/p>\n<p>MISSIONS PRINCIPALES :<br \/>\nSous la responsabilit\u00e9 directe du Pr\u00e9sident de l\u2019universit\u00e9, le titulaire du poste a pour missions le pilotage du service, la conception et la r\u00e9alisation op\u00e9rationnelle du soutien en communication, notamment :<br \/>\n-Le d\u00e9veloppement d\u2019une politique de communication align\u00e9e sur la strat\u00e9gie pluriannuelle de l\u2019UPF ;<br \/>\n-La communication institutionnelle interne et externe de l\u2019UPF : conception, r\u00e9alisation et actualisation des supports de communication multi m\u00e9dias, cr\u00e9ations de contenus, propositions graphiques de type affiche, relations avec la presse, locale et nationale,<br \/>\n-La communication institutionnelle de crise de l\u2019UPF lorsque n\u00e9cessaire,<br \/>\n-La conduite ou la contribution aux projets transverses de l\u2019\u00e9tablissement mobilisant ces comp\u00e9tences (N\u0101rua, N\u0101hiti, Campus Connect\u00e9s, nouvelles approches p\u00e9dagogiques, soutien \u00e0 l\u2019orientation\u2026),<br \/>\n-Le d\u00e9veloppement des r\u00e9seaux de relations externes : locaux, nationaux, partenaires (financiers, internationaux\u2026)<br \/>\n-L\u2019animation de la communication interne de l\u2019\u00e9tablissement et aupr\u00e8s de ses usagers : \u00e9tudiants, personnels\u2026<br \/>\n-L\u2019animation et le d\u00e9veloppement des r\u00e9seaux sociaux institutionnels, en tant que community manager,<br \/>\n-La communication \u00e9v\u00e9nementielle et les actions de promotion avec des partenaires priv\u00e9s et institutionnels,<br \/>\n-L\u2019organisation mat\u00e9rielle et logistique des manifestations et \u00e9v\u00e8nements<br \/>\n-Le choix et le pilotage de l\u2019activit\u00e9 des sous-traitants,<br \/>\n-La construction et le suivi budg\u00e9taire de son activit\u00e9.<\/p>\n<p>Conditions particuli\u00e8res d\u2019exercice :<br \/>\n-Forte disponibilit\u00e9 li\u00e9e aux \u00e9v\u00e8nements et \u00e0 l\u2019actualit\u00e9, r\u00e9activit\u00e9, flexibilit\u00e9 horaire, capacit\u00e9s \u00e0 travailler dans l\u2019urgence.<br \/>\n-Le\/La responsable communication est membre de l\u2019\u00e9quipe des managers de l\u2019UPF. Il\/Elle participe ponctuellement au comit\u00e9 de direction en fonction des sujets communication abord\u00e9s.\n <\/p><\/div>\n<div class=\"dpdj-offre-dateeffet\"><strong>Date d&#8217;effet <\/strong>16\/02\/2023 <\/div>\n<div class=\"dpdj-offre-typeposte\"><strong>Type de poste <\/strong>Remplacement <\/div>\n<div class=\"dpdj-offre-nbposte\"><strong>Nb de poste(s) \u00e0 pourvoir <\/strong> 1 <\/div>\n<div class=\"dpdj-offre-cond\"><strong>Conditions <\/strong>SAVOIRS G\u00c9N\u00c9RAUX ET COMP\u00c9TENCES :<\/p>\n<p>CONNAISSANCE SUR L&#8217;ENVIRONNEMENT PROFESSIONNEL :<br \/>\n&#8211; Ma\u00eetrise des r\u00e8gles d\u00e9ontologiques, \u00e9thiques, juridiques de la profession (copyright, droit d&#8217;auteur) ;<br \/>\n&#8211; Connaissance de l\u2019organisation et du fonctionnement des \u00e9tablissements publics,<br \/>\n&#8211; Ma\u00eetrise des techniques de communication (TIC) ;<br \/>\n&#8211; Ma\u00eetrise des outils de publication (PAO) et logiciels appropri\u00e9s en traitement de texte, et d&#8217;images ;<br \/>\n&#8211; Connaissance g\u00e9n\u00e9rale des techniques journalistiques multim\u00e9dia ;<br \/>\n&#8211; Ma\u00eetrise des techniques de pr\u00e9sentation orales et \u00e9crites, y compris en anglais ;<br \/>\n&#8211; Connaissance de la culture polyn\u00e9sienne souhait\u00e9e.<\/p>\n<p>SAVOIR FAIRE OP\u00c9RATIONNELS :<br \/>\n&#8211; Force de proposition ;<br \/>\n&#8211; Esprit d\u2019analyse et de synth\u00e8se ;<br \/>\n&#8211; Capacit\u00e9s av\u00e9r\u00e9es en pilotage de projet et suivi des relations avec les prestataires ;<br \/>\n&#8211; Fortes comp\u00e9tences r\u00e9dactionnelles (print, web) ;<br \/>\n&#8211; Connaissance av\u00e9r\u00e9e d\u2019au moins un outil de gestion de contenus ;<br \/>\n&#8211; Ma\u00eetrise des r\u00e9seaux sociaux et des outils digitaux ;<br \/>\n&#8211; Capacit\u00e9 \u00e0 rechercher l\u2019information, \u00e0 organiser une veille permanente, \u00e0 v\u00e9rifier les donn\u00e9es et les valoriser ;<br \/>\n&#8211; Anglais : expression \u00e9crite et orale indispensables<br \/>\n&#8211; Connaissance en Reo Tahiti serait un plus,<br \/>\n&#8211; Connaissance de la culture polyn\u00e9sienne serait un plus<\/p>\n<p>COMP\u00c9TENCES AUTRES :<br \/>\n&#8211; Dynamisme, esprit d\u2019initiative,<br \/>\n&#8211; Cr\u00e9ativit\u00e9,<br \/>\n&#8211; Sens relationnel, diplomatie et discr\u00e9tion.<br \/>\n&#8211; Adaptabilit\u00e9 aux publics et aux situations ;<br \/>\n&#8211; \u00e9coute et forte capacit\u00e9 de travail ;<br \/>\n&#8211; Capacit\u00e9 \u00e0 travailler en \u00e9quipe ;<br \/>\n&#8211; Rigueur et fiabilit\u00e9 (respect des d\u00e9lais) ;<br \/>\n&#8211; Sens relationnel, diplomatie et discr\u00e9tion.<\/p>\n<p>Formation : Master en Communication.\n <\/p><\/div>\n<div class=\"dpdj-offre-rec\"><strong>Recrutement <\/strong>NON IMMEDIAT <\/div>\n<div class=\"dpdj-offre-link\"><a href=\"https:\/\/www.sefi.pf\/SefiWeb\/SefiOffres.nsf\/vOffreWeb\/27E3918CEFB02F1C0A258958000DCEA8?OpenDocument\">Pour en savoir plus, cliquer ici pour lire les d\u00e9tails sur le site du Service de l&#8217;Emploi<\/a><\/div>\n","protected":false},"excerpt":{"rendered":"<p>Source : Service de l&#8217;Emploi Code ROME E110311782 Ile TAHITI D\u00e9finition du poste L&#8217;UPF recrute son\/sa CHARG\u00c9(E) DE COMMUNICATION \u00e0 partir du 14\/08\/2023. Le service communication, compos\u00e9e de 2 personnes, dont le responsable, est directement rattach\u00e9 au Pr\u00e9sident de l\u2019universit\u00e9, et en lien fonctionnel avec l\u2019\u00e9quipe de la direction g\u00e9n\u00e9rale des services. En charge de [&hellip;]<\/p>\n","protected":false},"featured_media":0,"parent":0,"menu_order":0,"template":"","class_list":["post-2899","offre-d-emploi","type-offre-d-emploi","status-publish","hentry","has-post-title","has-post-date","has-post-category","has-post-tag","has-post-comment","has-post-author",""],"aioseo_notices":[],"ptb_metabox":[],"ptb_taxonomy":[],"ptb_featured_image":null,"builder_content":"","_links":{"self":[{"href":"https:\/\/foreveryoung.gov.pf\/en\/wp-json\/wp\/v2\/offre-d-emploi\/2899","targetHints":{"allow":["GET"]}}],"collection":[{"href":"https:\/\/foreveryoung.gov.pf\/en\/wp-json\/wp\/v2\/offre-d-emploi"}],"about":[{"href":"https:\/\/foreveryoung.gov.pf\/en\/wp-json\/wp\/v2\/types\/offre-d-emploi"}],"wp:attachment":[{"href":"https:\/\/foreveryoung.gov.pf\/en\/wp-json\/wp\/v2\/media?parent=2899"}],"curies":[{"name":"wp","href":"https:\/\/api.w.org\/{rel}","templated":true}]}}