{"id":2898,"date":"2023-02-17T00:01:31","date_gmt":"2023-02-17T10:01:31","guid":{"rendered":"https:\/\/foreveryoung.gov.pf\/offre-d-emploi\/responsable-administratif-comptable-et-financier-responsable-administrative-comptable-et-financiere\/"},"modified":"2023-02-17T00:01:31","modified_gmt":"2023-02-17T10:01:31","slug":"responsable-administratif-comptable-et-financier-responsable-administrative-comptable-et-financiere","status":"publish","type":"offre-d-emploi","link":"https:\/\/foreveryoung.gov.pf\/en\/offre-d-emploi\/responsable-administratif-comptable-et-financier-responsable-administrative-comptable-et-financiere\/","title":{"rendered":"Responsable administratif, comptable et financier \/ Responsable administrative, comptable et financi\u00e8re"},"content":{"rendered":"<div class=\"dpdj-offre-source-text\">Source : <a href=\"https:\/\/www.sefi.pf\/SefiWeb\/SefiOffres.nsf\/vOffresNouvelles?OpenView\">Service de l&#8217;Emploi<\/a><\/div>\n<div class=\"dpdj-offre-coderome\"><strong>Code ROME <\/strong>M120518577 <\/div>\n<div class=\"dpdj-offre-ile\"><strong>Ile <\/strong> TAHITI <\/div>\n<div class=\"dpdj-offre-def\"><strong>D\u00e9finition du poste  <\/strong> L&#8217;UPF recrute son\/sa RESPONSABLE ADMINISTRATIF(VE) ET FINANCIER(\u00c8RE) \u00e0 partir du 07\/08\/2023.<br \/>\nPOSITIONNEMENT DANS L\u2019ORGANISATION :<br \/>\nL\u2019INSPE, \u00e9cole interne de l\u2019Universit\u00e9 de la Polyn\u00e9sie fran\u00e7aise assure ses missions avec des personnels UPF, ainsi que des personnels mis \u00e0 disposition par le Vice rectorat de Polyn\u00e9sie, en articulation \u00e9troite avec le minist\u00e8re polyn\u00e9sien en charge de l\u2019\u00e9ducation et de l\u2019enseignement, compte tenu de la sp\u00e9cificit\u00e9 l\u00e9gislative du territoire. Pour remplir ses missions, l\u2019appui administratif et technique est assur\u00e9 par des personnels administratifs, pour la gestion de la scolarit\u00e9 et des stages, ainsi que des personnels en charge du num\u00e9rique. L\u2019organisation administrative en support \u00e0 la direction de l\u2019INSPE s\u2019appuie donc sur des ressources d\u00e9di\u00e9es, articul\u00e9es tr\u00e8s \u00e9troitement avec les autres services centraux de l\u2019UPF.<br \/>\nSous l\u2019autorit\u00e9 du directeur de l\u2019INSPE, le(la) responsable administratif(ve) et financi\u00e8r(e) de l\u2019INSPE apporte son appui \u00e0 l\u2019\u00e9quipe de direction de l\u2019institut.<br \/>\nIl\/Elle prend en charge la gestion financi\u00e8re de la composante (budget, missions, d\u00e9penses) en interaction avec les services centraux de l\u2019\u00e9tablissement et la direction g\u00e9n\u00e9rale des services.<br \/>\nIl\/Elle supervise les activit\u00e9s des agents affect\u00e9s \u00e0 l\u2019INSPE par ses tutelles ( 4 gestionnaires et 1 agent d\u2019accueil), en \u00e9troite coordination avec les services centraux de l\u2019universit\u00e9, ainsi que ceux des partenaires cl\u00e9s de l\u2019INSPE : le vice-rectorat de Polyn\u00e9sie fran\u00e7aise et la direction g\u00e9n\u00e9rale de l\u2019enseignement et l\u2019\u00e9ducation du gouvernement polyn\u00e9sien.<br \/>\nIl\/Elle est membre de l\u2019\u00e9quipe des managers de l\u2019UPF, et membre de l\u2019\u00e9quipe de direction de l\u2019INSPE<\/p>\n<p>ENVIRONNEMENT ET CONTEXTE DE TRAVAIL :<br \/>\nL\u2019universit\u00e9 forme environ 3200 \u00e9tudiants chaque ann\u00e9e, dont environ 250 (chiffres consolid\u00e9s 2021-22) \u00e9tudiants et stagiaires INSPE.<br \/>\nLe campus de l\u2019INSPE est situ\u00e9 sur le m\u00eame campus g\u00e9ographique que les autres composantes de l\u2019universit\u00e9, la gestion des salles est partag\u00e9e avec l\u2019ensemble des composantes de l\u2019\u00e9tablissement.<\/p>\n<p>SAVOIRS GENERAUX &amp; COMP\u00c9TENCES OPERATIONNELLES :<br \/>\nMISSIONS ET ACTIVITES LI\u00c9ES AU POSTE\u00a0:<br \/>\nCharg\u00e9(e) de la gestion administrative et d\u2019aide au pilotage, il\/elle assure aupr\u00e8s du Directeur de l\u2019INSPE les actions suivantes :<br \/>\nDans ce contexte, ses activit\u00e9s principales sont :<br \/>\n-Assister et conseiller le Directeur et le repr\u00e9senter \u00e9ventuellement aupr\u00e8s des partenaires internes et externes,<br \/>\n-Organiser, planifier et coordonner le pilotage budg\u00e9taire et financier de l\u2019INSPE en conformit\u00e9 avec les attentes des services centraux, ainsi que l\u2019ex\u00e9cution financi\u00e8re des actes de gestion et le suivi des op\u00e9rations comptables et financi\u00e8res,<br \/>\n-Coordonner la gestion des parcours de formation et la campagne de candidatures pour une inscription en master, en coordination avec les services centraux et la DG UPF : pr\u00e9visions et suivi des services d\u2019enseignement, r\u00e9ponses aux enqu\u00eates de la tutelle et du r\u00e9seau des INSPE,<br \/>\n-Coordonner la gestion RH avec l\u2019appui de la Direction des Relations humaines de l\u2019UPF (gestion des vacataires, bilans REH, fiches de v\u0153ux)<br \/>\n-Superviser et animer une \u00e9quipe, en articulation avec les services centraux,<br \/>\n-Coordonner l\u2019organisation de l\u2019ensemble des instances sp\u00e9cifiques de l\u2019institut, dans toutes ses phases,<br \/>\n-Mettre en place des actions de communication en interne et en externe pour tous les publics (notamment les \u00e9tudiants).<br \/>\nCOMPETENCES OPERATIONNELLES<br \/>\n-\u00c9laborer un budget.<br \/>\n-Appliquer des r\u00e8gles financi\u00e8res.<br \/>\n-Assurer le suivi des d\u00e9penses et des recettes.<br \/>\n-Savoir g\u00e9rer son activit\u00e9 dans un calendrier et un cadre de gestion complexe.<br \/>\n-R\u00e9diger des synth\u00e8ses et des rapports.<br \/>\n-Renseigner les indicateurs de performance.<br \/>\n-Contribuer \u00e0 la r\u00e9alisation de rapports, r\u00e9ponses aux enqu\u00eates, audits et \u00e9valuations sur l&#8217;organisation, et les moyens de la structure.<br \/>\n-Suivre l\u2019\u00e9volution de la r\u00e9glementation sur la formation des enseignants en France et le fonctionnement des INSPE, constituer une documentation de r\u00e9f\u00e9rence.<br \/>\n-Assurer ou contribuer \u00e0 la mise en \u0153uvre de la d\u00e9marche qualit\u00e9 dans la gestion des activit\u00e9s.\n <\/p><\/div>\n<div class=\"dpdj-offre-dateeffet\"><strong>Date d&#8217;effet <\/strong>16\/02\/2023 <\/div>\n<div class=\"dpdj-offre-typeposte\"><strong>Type de poste <\/strong>Remplacement <\/div>\n<div class=\"dpdj-offre-nbposte\"><strong>Nb de poste(s) \u00e0 pourvoir <\/strong> 1 <\/div>\n<div class=\"dpdj-offre-cond\"><strong>Conditions <\/strong>QUALIT\u00c9S PERSONNELLES :<br \/>\n-Raisonnement analytique ;<br \/>\n-Capacit\u00e9 \u00e0 conceptualiser ;<br \/>\n-R\u00e9activit\u00e9 ;<br \/>\n-Capacit\u00e9 d\u2019adaptation ;<br \/>\n-Confidentialit\u00e9 ;<br \/>\n-Qualit\u00e9 d\u2019\u00e9coute et de reformulation ;<br \/>\n-Sens de l&#8217;organisation ;<br \/>\n-Rigueur \/ Fiabilit\u00e9.\n <\/div>\n<div class=\"dpdj-offre-rec\"><strong>Recrutement <\/strong>NON IMMEDIAT <\/div>\n<div class=\"dpdj-offre-link\"><a href=\"https:\/\/www.sefi.pf\/SefiWeb\/SefiOffres.nsf\/vOffreWeb\/7F6D39A755FB0B100A258958000CFB51?OpenDocument\">Pour en savoir plus, cliquer ici pour lire les d\u00e9tails sur le site du Service de l&#8217;Emploi<\/a><\/div>\n","protected":false},"excerpt":{"rendered":"<p>Source : Service de l&#8217;Emploi Code ROME M120518577 Ile TAHITI D\u00e9finition du poste L&#8217;UPF recrute son\/sa RESPONSABLE ADMINISTRATIF(VE) ET FINANCIER(\u00c8RE) \u00e0 partir du 07\/08\/2023. POSITIONNEMENT DANS L\u2019ORGANISATION : L\u2019INSPE, \u00e9cole interne de l\u2019Universit\u00e9 de la Polyn\u00e9sie fran\u00e7aise assure ses missions avec des personnels UPF, ainsi que des personnels mis \u00e0 disposition par le Vice rectorat [&hellip;]<\/p>\n","protected":false},"featured_media":0,"parent":0,"menu_order":0,"template":"","class_list":["post-2898","offre-d-emploi","type-offre-d-emploi","status-publish","hentry","has-post-title","has-post-date","has-post-category","has-post-tag","has-post-comment","has-post-author",""],"aioseo_notices":[],"ptb_metabox":[],"ptb_taxonomy":[],"ptb_featured_image":null,"builder_content":"","_links":{"self":[{"href":"https:\/\/foreveryoung.gov.pf\/en\/wp-json\/wp\/v2\/offre-d-emploi\/2898","targetHints":{"allow":["GET"]}}],"collection":[{"href":"https:\/\/foreveryoung.gov.pf\/en\/wp-json\/wp\/v2\/offre-d-emploi"}],"about":[{"href":"https:\/\/foreveryoung.gov.pf\/en\/wp-json\/wp\/v2\/types\/offre-d-emploi"}],"wp:attachment":[{"href":"https:\/\/foreveryoung.gov.pf\/en\/wp-json\/wp\/v2\/media?parent=2898"}],"curies":[{"name":"wp","href":"https:\/\/api.w.org\/{rel}","templated":true}]}}