{"id":1829,"date":"2023-01-07T21:10:40","date_gmt":"2023-01-08T07:10:40","guid":{"rendered":"https:\/\/foreveryoung.gov.pf\/offre-d-emploi\/responsable-de-petite-ou-moyenne-entreprise-pme\/"},"modified":"2023-01-07T21:10:40","modified_gmt":"2023-01-08T07:10:40","slug":"responsable-de-petite-ou-moyenne-entreprise-pme","status":"publish","type":"offre-d-emploi","link":"https:\/\/foreveryoung.gov.pf\/en\/offre-d-emploi\/responsable-de-petite-ou-moyenne-entreprise-pme\/","title":{"rendered":"Responsable de Petite ou Moyenne Entreprise -PME-"},"content":{"rendered":"<p>Source : <a href=\"https:\/\/www.sefi.pf\/SefiWeb\/SefiOffres.nsf\/vOffresNouvelles?OpenView\">Service de l&#8217;Emploi<\/a><\/p>\n<p><strong>Code ROME : <\/strong>M130218802 <\/p>\n<p><strong>D\u00e9finition du poste : <\/strong> Fenua Comp\u00e9tences \u00ab Te Opere Te Ite \u00bb est une association \u00e0 but non lucratif, cr\u00e9\u00e9e en 2021 dont le si\u00e8ge social est bas\u00e9 \u00e0 Papeete. Elle a pour mission principale de d\u00e9velopper la formation professionnelle sur le territoire de la Polyn\u00e9sie fran\u00e7aise.<br \/>\nPour assurer cette mission, Fenua Comp\u00e9tences est \u00e0 la recherche de son DIRECTEUR(trice) :<br \/>\n-Type de contrat : Contrat \u00e0 dur\u00e9e ind\u00e9termin\u00e9e (CDI)<br \/>\n&#8211; Horaires de travail : Temps plein<br \/>\n&#8211; Lieu d&#8217;affectation : Papeete-Tahiti<br \/>\n&#8211; Date de prise de fonction : Imm\u00e9diatement<br \/>\nMission principale :<br \/>\nLe DIRECTEUR(trice) aura sous sa responsabilit\u00e9 une \u00e9quipe de deux personnes : une secr\u00e9taire et un itin\u00e9rant.<br \/>\nIl\/ellel est charg\u00e9(e) de :<br \/>\n&#8211; Mettre en \u0153uvre la strat\u00e9gie et les d\u00e9cisions prises par l&#8217;association,<br \/>\n&#8211; Assurer la gestion technique, administrative et financi\u00e8re de l&#8217;association et veiller \u00e0 son bon<br \/>\nfonctionnement,<br \/>\n&#8211; Assurer des activit\u00e9s de production li\u00e9es \u00e0 la mise en \u0153uvre du dispositif de formation \u00e0 distance<br \/>\net d&#8217;actions p\u00e9dagogique,<br \/>\n&#8211; Assurer la coordination avec les institutions du Pays, de l&#8217;Etat et des communes, la CPS, le Service<br \/>\nde l&#8217;emploi, les organismes de formations professionnelles et consultant ext\u00e9rieurs, les partenaires<br \/>\nsociaux et syndicaux, les entreprises, les salari\u00e9s et les m\u00e9dias.<br \/>\n&#8211; Participer activement aux actions visant \u00e0 mettre en \u0153uvre la formation professionnelle \u00e0 distance<br \/>\npar l&#8217;utilisation de salles num\u00e9riques,<br \/>\n&#8211; Rendre compte r\u00e9guli\u00e8rement de ses activit\u00e9s au bureau et au conseil d&#8217;administration de<br \/>\nl&#8217;association.<br \/>\nSavoir-faire :<br \/>\n&#8211; Connaissances du cadre juridique,<br \/>\n&#8211; Connaissances dans le domaine de la formation professionnelle,<br \/>\n&#8211; Connaissance de l&#8217;environnement institutionnel et des enjeux du secteur d&#8217;intervention de<br \/>\nl&#8217;association,<br \/>\n&#8211; Exp\u00e9rience manag\u00e9riale,<br \/>\n&#8211; Exp\u00e9rience r\u00e9ussie du pilotage de projets complexes,<br \/>\n&#8211; Capacit\u00e9 de prise de d\u00e9cision,<br \/>\n&#8211; Capacit\u00e9s d&#8217;analyse, de synth\u00e8se, d&#8217;anticipation,<br \/>\n&#8211; Excellent niveau d&#8217;expression \u00e9crite (\u00e9laboration de proc\u00e9dures, compte-rendu, &#8230;) et orale. <\/p>\n<p><strong>Date d&#8217;effet : <\/strong>06\/01\/2023 <\/p>\n<p><strong>Type de poste : <\/strong>Remplacement <\/p>\n<p><strong>Nb de poste(s) \u00e0 pourvoir :<\/strong> 1 <\/p>\n<p><strong>Conditions : <\/strong>Savoir-\u00eatre :<br \/>\n&#8211; Qualit\u00e9s humaines, leadership, esprit d&#8217;\u00e9quipe, d&#8217;\u00e9coute, compr\u00e9hension, sens du service,<br \/>\n&#8211; Forte capacit\u00e9 relationnelle, manag\u00e9riale, de n\u00e9gociation, d&#8217;animation et de travail en<br \/>\ntransversalit\u00e9,<br \/>\n&#8211; Capacit\u00e9s de dialogue avec tous les membres et les publics de l&#8217;association,<br \/>\n&#8211; Dynamisme, organisation, rigueur et efficacit\u00e9 op\u00e9rationnelle,<br \/>\n&#8211; Forte capacit\u00e9 de travail et gestion du stress,<br \/>\n&#8211; Force de proposition,<br \/>\n&#8211; Compr\u00e9hension des enjeux en mati\u00e8re de discr\u00e9tion et de confidentialit\u00e9 professionnelle,<br \/>\n&#8211; Sens des responsabilit\u00e9s,<br \/>\n&#8211; Adaptabilit\u00e9,<br \/>\n&#8211; Cr\u00e9ativit\u00e9, autonomie. <\/p>\n<p><strong>Ile :<\/strong> TAHITI <\/p>\n<p><strong>Recrutement : <\/strong> <\/p>\n<p><a href=\"https:\/\/www.sefi.pf\/SefiWeb\/SefiOffres.nsf\/vOffreWeb\/8D5A9D8BB19FBFB20A2589300005E990?OpenDocument\">Pour en savoir plus, cliquer ici pour lire les d\u00e9tails sur le site du Service de l&#8217;Emploi<\/a><\/p>\n","protected":false},"excerpt":{"rendered":"<p>Source : Service de l&#8217;Emploi Code ROME : M130218802 D\u00e9finition du poste : Fenua Comp\u00e9tences \u00ab Te Opere Te Ite \u00bb est une association \u00e0 but non lucratif, cr\u00e9\u00e9e en 2021 dont le si\u00e8ge social est bas\u00e9 \u00e0 Papeete. Elle a pour mission principale de d\u00e9velopper la formation professionnelle sur le territoire de la Polyn\u00e9sie [&hellip;]<\/p>\n","protected":false},"featured_media":0,"parent":0,"menu_order":0,"template":"","class_list":["post-1829","offre-d-emploi","type-offre-d-emploi","status-publish","hentry","has-post-title","has-post-date","has-post-category","has-post-tag","has-post-comment","has-post-author",""],"aioseo_notices":[],"ptb_metabox":[],"ptb_taxonomy":[],"ptb_featured_image":null,"builder_content":"","_links":{"self":[{"href":"https:\/\/foreveryoung.gov.pf\/en\/wp-json\/wp\/v2\/offre-d-emploi\/1829","targetHints":{"allow":["GET"]}}],"collection":[{"href":"https:\/\/foreveryoung.gov.pf\/en\/wp-json\/wp\/v2\/offre-d-emploi"}],"about":[{"href":"https:\/\/foreveryoung.gov.pf\/en\/wp-json\/wp\/v2\/types\/offre-d-emploi"}],"wp:attachment":[{"href":"https:\/\/foreveryoung.gov.pf\/en\/wp-json\/wp\/v2\/media?parent=1829"}],"curies":[{"name":"wp","href":"https:\/\/api.w.org\/{rel}","templated":true}]}}